{"id":7230,"date":"2021-03-06T09:08:02","date_gmt":"2021-03-06T06:08:02","guid":{"rendered":"https:\/\/samisamin.com\/?page_id=7230"},"modified":"2021-03-06T09:08:02","modified_gmt":"2021-03-06T06:08:02","slug":"karin-estetigi","status":"publish","type":"page","link":"https:\/\/www.samisamin.com\/tr\/karin-estetigi\/","title":{"rendered":"Kar\u0131n Esteti\u011fi"},"content":{"rendered":"<p>[vc_section text_align=&#8221;center-md-sm-ms&#8221;][vc_row][vc_column]<div class=\"es-resp\">\t<div class=\"visible-xl\" style=\"height: 64px;\"><\/div>\t<div class=\"hidden-xl hidden-md hidden-sm hidden-ms hidden-xs\" style=\"height: 64px;\"><\/div>\t<div class=\"visible-md\" style=\"height: 32px;\"><\/div>\t<div class=\"visible-sm \" style=\"height: 32px;\"><\/div>\t<div class=\"visible-ms\" style=\"height: 32px;\"><\/div>\t<div class=\"visible-xs\" style=\"height: 32px;\"><\/div><\/div>[\/vc_column][\/vc_row][vc_row][vc_column text_align=&#8221;center-md-sm-ms&#8221; offset=&#8221;vc_col-lg-6&#8243;]<div class=\"heading  default align-left color-black subcolor-main transform-default has-subheader icon-type-hidden heading-tag-h2\" id=\"like_sc_header_763979517\"><h6 class=\"subheader ltx-sr-id-like_sc_header_763979517945959612 ltx-sr ltx-sr-effect-fade_in ltx-sr-el-block ltx-sr-delay-100 ltx-sr-duration-300 ltx-sr-sequences-50\">Abdominoplasti<\/h6><h2 class=\"header ltx-sr-id-like_sc_header_76397951760831168 ltx-sr ltx-sr-effect-fade_in ltx-sr-el-block ltx-sr-delay-0 ltx-sr-duration-1000 ltx-sr-sequences-0\">Kar\u0131n Esteti\u011fi<\/h2><\/div><div class=\"ltx-content-width col-align-left\" id=\"like_sc_content_width_1660291072\" style=\"max-width: 620px\"><div class=\"ltx-wrapper\">[vc_column_text]Kar\u0131n germe (Abdominoplasti) orta ve alt kar\u0131n b\u00f6lgesinde mevcut fazla ya\u011f ve sark\u0131k haldeki derinin al\u0131nd\u0131\u011f\u0131 ve kar\u0131n duvar\u0131n\u0131n gerilerek sa\u011flamla\u015ft\u0131r\u0131ld\u0131\u011f\u0131 bir cerrahi giri\u015fimdir. Bu ameliyatlar \u015fi\u015fman ki\u015fileri zay\u0131flatmaya yaramaz. Bu ameliyatlar i\u00e7in ideal hasta kilo verdikten sonra geride kalan fazla deri ve gev\u015femi\u015f kar\u0131n duvar\u0131 olan a\u015f\u0131r\u0131 kiloya sahip olmayan hastalard\u0131r. Deri alt\u0131ndaki ya\u011f dokusu \u00e7ok fazla olan hastalar\u0131n ameliyat sonras\u0131ndaki sonu\u00e7lar\u0131 daha az memnuniyet verici ve yara iyile\u015fme ve komplikasyon oranlar\u0131 daha y\u00fcksektir. Bu nedenle bu ameliyatlar \u00f6ncesinde m\u00fcmk\u00fcn oldu\u011funca kilo verilerek ya\u011f dokunun azalt\u0131lmas\u0131 hem hastan\u0131n hem doktorun memnuniyetini art\u0131r\u0131r.<\/p>\n<p><strong>YAPILMA NEDENLER\u0130<\/strong><br \/>\nD\u00fcz bir kar\u0131n g\u00fczel bir fizi\u011fe sahip olman\u0131n habercisidir. \u0130lerleyen ya\u015f aral\u0131\u011f\u0131, \u00fcst\u00fc \u00fcste yap\u0131lan do\u011fumlar, s\u0131k\u00e7a kilo al\u0131p verme ile kar\u0131n i\u00e7inde olu\u015fan ya\u011flanma, kar\u0131n kaslar\u0131nda ve deride gev\u015feme meydana gelen hastalardaki deformitelerin d\u00fczeltilmesi amac\u0131yla yap\u0131l\u0131r.<\/p>\n<p><strong>OPERASYON Y\u00d6NTEMLER\u0130<\/strong><br \/>\nKar\u0131n duvar\u0131n\u0131n \u015fekillendirilmesi, mevcut olan ya\u011flanman\u0131n, sarkman\u0131n ve derinin esnekli\u011finin durumuna ba\u011fl\u0131 olarak; ya\u011f al\u0131m\u0131 (liposuction \u2013 lazer lipoliz) veya kar\u0131n germe (abdominoplasti ) y\u00f6ntemleri ile ger\u00e7ekle\u015ftirilebilmektedir. Abdominoplasti, v\u00fccut kont\u00fcr\u00fc d\u00fczeltilmesine (estetik meme ameliyatlar\u0131, liposuction vb.) y\u00f6nelik ameliyatlar veya di\u011fer baz\u0131 ameliyatlarla beraber de yap\u0131labilir. Kar\u0131n germe operasyonlar\u0131nda; tam kar\u0131n germe (full abdominoplasti ) ve mini kar\u0131n germe (mini abdominoplasti ) gibi ba\u015fl\u0131ca iki farkl\u0131 y\u00f6ntem uygulanabilmektedir. Mini Kar\u0131n Germe: \u015eekil bozuklu\u011funun sadece g\u00f6bek alt\u0131ndaki alanda s\u0131n\u0131rl\u0131 oldu\u011fu veya g\u00f6bek deli\u011fi \u00fczerindeki b\u00f6lgelere liposuction yap\u0131lmas\u0131n\u0131n yeterli oldu\u011fu durumlarda uygulanabilir. Full Kar\u0131n Germe: G\u00f6bek deli\u011fi \u00fcst k\u0131s\u0131mlar\u0131ndaki bozuklu\u011fun sadece liposuction ile d\u00fczeltilemedi\u011fi, t\u00fcm kar\u0131n duvar\u0131n\u0131n onar\u0131lmas\u0131n\u0131n gerekti\u011fi, derideki sarkman\u0131n ileri a\u015famalar\u0131nda uygulan\u0131r. V\u00fccuttaki t\u00fcm kar\u0131n ve bel b\u00f6lgesindeki fazla ya\u011f al\u0131n\u0131r, g\u00f6bek alt\u0131ndaki deri fazlas\u0131 \u00e7\u0131kart\u0131l\u0131r ve gev\u015femi\u015f olan kar\u0131n kaslar\u0131 yeniden yap\u0131land\u0131r\u0131l\u0131r.<\/p>\n<p><strong>ANESTEZ\u0130 Y\u00d6NTEM\u0130 VE S\u00dcRES\u0130<\/strong><br \/>\nKar\u0131n germe ameliyatlar\u0131 ameliyathane ortam\u0131nda ve genel anestezi alt\u0131nda ger\u00e7ekle\u015ftirilir. Operasyondan 1 hafta \u2013 10 g\u00fcn \u00f6ncesinde aspirini ve 4 hafta \u00f6ncesinde sigara kullan\u0131m\u0131 sonland\u0131r\u0131lmal\u0131d\u0131r. Ameliyat\u0131n s\u00fcresini yap\u0131lacak i\u015flemler belirler. E\u011fer \u00e7ok geni\u015f bir alana liposuction uygulanmayacaksa tam kar\u0131n germe ameliyat\u0131 3-4 saat aras\u0131nda s\u00fcrer.<\/p>\n<p><strong>\u0130Y\u0130LE\u015eME S\u00dcRES\u0130<\/strong><br \/>\n\u0130lk birka\u00e7 g\u00fcn kar\u0131n b\u00f6lgesinde \u015fi\u015flik ve a\u011fr\u0131 kesiciler ile kontrol alt\u0131na al\u0131nabilen a\u011fr\u0131 olabilir. Drenler ortalama 3-5 g\u00fcn, diki\u015fler 2-3 hafta sonra al\u0131n\u0131r. Ortalama 1-3 g\u00fcn hastanede kalman\u0131z gereklidir. Kendinizi eskisi gibi hissetmeniz birka\u00e7 ay alabilir. \u0130\u015finize 2-4 hafta sonra d\u00f6nebilirsiniz. Ameliyattan sonraki 2 ay uygun bir korse kullanman\u0131z gerekecektir. Yara iziniz ilk 6 ay sonras\u0131nda nihai hale gelir. Bu s\u00fcre boyunca k\u0131zar\u0131k ve fazla belirgin bir yara izinin olmas\u0131 normaldir, izlerin d\u00fczle\u015fmesi ve solmas\u0131 9 ay ila 1 y\u0131l alabilir. Tamamen yok olmamas\u0131na ra\u011fmen iz bu bikini alt\u0131na dahi kolayca saklanabilir. K\u0131smi veya tam abdominoplasti i\u015flemleri kar\u0131n kaslar\u0131nda zay\u0131fl\u0131k veya deri sark\u0131kl\u0131\u011f\u0131 olan hastalar i\u00e7in memnun edici sonu\u00e7lar yarat\u0131r. Hastalar\u0131n \u00e7o\u011funda, d\u00fczenli egzersiz ve diyetle elde edilen sonu\u00e7 y\u0131llarca korunabilir.[\/vc_column_text]<\/div><\/div><div class=\"es-resp\">\t<div class=\"visible-xl\" style=\"height: 24px;\"><\/div>\t<div class=\"hidden-xl hidden-md hidden-sm hidden-ms hidden-xs\" style=\"height: 24px;\"><\/div>\t<div class=\"visible-md\" style=\"height: 24px;\"><\/div>\t<div class=\"visible-sm \" style=\"height: 24px;\"><\/div>\t<div class=\"visible-ms\" style=\"height: 24px;\"><\/div>\t<div class=\"visible-xs\" style=\"height: 24px;\"><\/div><\/div><div class=\"btn-wrap\"><a href=\"\/contacts\/\"  class=\"btn  btn-default color-hover-default\" id=\"like_sc_button_1376620249\">\u015eimdi \u0130leti\u015fime Ge\u00e7<\/a><\/div>[\/vc_column][vc_column offset=&#8221;vc_col-lg-6&#8243;]<div class=\"es-resp\">\t<div class=\"visible-xl\" style=\"height: 16px;\"><\/div>\t<div class=\"hidden-xl hidden-md hidden-sm hidden-ms hidden-xs\" style=\"height: 16px;\"><\/div>\t<div class=\"visible-md\" style=\"height: 16px;\"><\/div>\t<div class=\"visible-sm \" style=\"height: 16px;\"><\/div>\t<div class=\"visible-ms\" style=\"height: 16px;\"><\/div>\t<div class=\"visible-xs\" style=\"height: 16px;\"><\/div><\/div>[vc_single_image image=&#8221;6744&#8243; img_size=&#8221;large&#8221; alignment=&#8221;right&#8221;][\/vc_column][\/vc_row][\/vc_section]<\/p>\n","protected":false},"excerpt":{"rendered":"<p>[vc_section text_align=&#8221;center-md-sm-ms&#8221;][vc_row][vc_column][\/vc_column][\/vc_row][vc_row][vc_column text_align=&#8221;center-md-sm-ms&#8221; offset=&#8221;vc_col-lg-6&#8243;][\/vc_column][vc_column offset=&#8221;vc_col-lg-6&#8243;][vc_single_image image=&#8221;6744&#8243; img_size=&#8221;large&#8221; alignment=&#8221;right&#8221;][\/vc_column][\/vc_row][\/vc_section]<\/p>\n","protected":false},"author":3,"featured_media":0,"parent":0,"menu_order":0,"comment_status":"closed","ping_status":"closed","template":"","meta":{"footnotes":""},"class_list":["post-7230","page","type-page","status-publish","hentry"],"yoast_head":"<!-- This site is optimized with the Yoast SEO Premium plugin v18.1 (Yoast SEO v27.5) - https:\/\/yoast.com\/product\/yoast-seo-premium-wordpress\/ -->\n<title>Kar\u0131n Esteti\u011fi - Sami Samin<\/title>\n<meta name=\"robots\" content=\"index, follow, max-snippet:-1, max-image-preview:large, max-video-preview:-1\" \/>\n<link rel=\"canonical\" href=\"https:\/\/www.samisamin.com\/tr\/karin-estetigi\/\" \/>\n<meta property=\"og:locale\" content=\"tr_TR\" \/>\n<meta property=\"og:type\" content=\"article\" \/>\n<meta property=\"og:title\" content=\"Kar\u0131n Esteti\u011fi\" \/>\n<meta property=\"og:description\" content=\"[vc_section text_align=&#8221;center-md-sm-ms&#8221;][vc_row][vc_column][\/vc_column][\/vc_row][vc_row][vc_column text_align=&#8221;center-md-sm-ms&#8221; offset=&#8221;vc_col-lg-6&#8243;][\/vc_column][vc_column offset=&#8221;vc_col-lg-6&#8243;][vc_single_image image=&#8221;6744&#8243; img_size=&#8221;large&#8221; alignment=&#8221;right&#8221;][\/vc_column][\/vc_row][\/vc_section]\" \/>\n<meta property=\"og:url\" content=\"https:\/\/www.samisamin.com\/tr\/karin-estetigi\/\" \/>\n<meta property=\"og:site_name\" content=\"Sami Samin\" \/>\n<meta name=\"twitter:card\" content=\"summary_large_image\" \/>\n<meta name=\"twitter:label1\" content=\"Tahmini okuma s\u00fcresi\" \/>\n\t<meta name=\"twitter:data1\" content=\"4 dakika\" \/>\n<script type=\"application\/ld+json\" class=\"yoast-schema-graph\">{\"@context\":\"https:\\\/\\\/schema.org\",\"@graph\":[{\"@type\":\"WebPage\",\"@id\":\"https:\\\/\\\/www.samisamin.com\\\/tr\\\/karin-estetigi\\\/\",\"url\":\"https:\\\/\\\/www.samisamin.com\\\/tr\\\/karin-estetigi\\\/\",\"name\":\"Kar\u0131n Esteti\u011fi - Sami Samin\",\"isPartOf\":{\"@id\":\"https:\\\/\\\/www.samisamin.com\\\/#website\"},\"datePublished\":\"2021-03-06T06:08:02+00:00\",\"breadcrumb\":{\"@id\":\"https:\\\/\\\/www.samisamin.com\\\/tr\\\/karin-estetigi\\\/#breadcrumb\"},\"inLanguage\":\"tr\",\"potentialAction\":[{\"@type\":\"ReadAction\",\"target\":[\"https:\\\/\\\/www.samisamin.com\\\/tr\\\/karin-estetigi\\\/\"]}]},{\"@type\":\"BreadcrumbList\",\"@id\":\"https:\\\/\\\/www.samisamin.com\\\/tr\\\/karin-estetigi\\\/#breadcrumb\",\"itemListElement\":[{\"@type\":\"ListItem\",\"position\":1,\"name\":\"Sami Samin\",\"item\":\"https:\\\/\\\/www.samisamin.com\\\/tr\\\/\"},{\"@type\":\"ListItem\",\"position\":2,\"name\":\"Kar\u0131n Esteti\u011fi\"}]},{\"@type\":\"WebSite\",\"@id\":\"https:\\\/\\\/www.samisamin.com\\\/#website\",\"url\":\"https:\\\/\\\/www.samisamin.com\\\/\",\"name\":\"Sami Samin\",\"description\":\"Estetik Cerrahi\",\"publisher\":{\"@id\":\"https:\\\/\\\/www.samisamin.com\\\/#\\\/schema\\\/person\\\/e160c760103b8eb60455d641de09d996\"},\"potentialAction\":[{\"@type\":\"SearchAction\",\"target\":{\"@type\":\"EntryPoint\",\"urlTemplate\":\"https:\\\/\\\/www.samisamin.com\\\/?s={search_term_string}\"},\"query-input\":{\"@type\":\"PropertyValueSpecification\",\"valueRequired\":true,\"valueName\":\"search_term_string\"}}],\"inLanguage\":\"tr\"},{\"@type\":[\"Person\",\"Organization\"],\"@id\":\"https:\\\/\\\/www.samisamin.com\\\/#\\\/schema\\\/person\\\/e160c760103b8eb60455d641de09d996\",\"name\":\"Sami Samin\",\"image\":{\"@type\":\"ImageObject\",\"inLanguage\":\"tr\",\"@id\":\"https:\\\/\\\/www.samisamin.com\\\/wp-content\\\/uploads\\\/2021\\\/10\\\/IMG_0908f-scaled.jpg\",\"url\":\"https:\\\/\\\/www.samisamin.com\\\/wp-content\\\/uploads\\\/2021\\\/10\\\/IMG_0908f-scaled.jpg\",\"contentUrl\":\"https:\\\/\\\/www.samisamin.com\\\/wp-content\\\/uploads\\\/2021\\\/10\\\/IMG_0908f-scaled.jpg\",\"width\":2093,\"height\":2560,\"caption\":\"Sami Samin\"},\"logo\":{\"@id\":\"https:\\\/\\\/www.samisamin.com\\\/wp-content\\\/uploads\\\/2021\\\/10\\\/IMG_0908f-scaled.jpg\"},\"sameAs\":[\"https:\\\/\\\/samisamin.com\"]}]}<\/script>\n<!-- \/ Yoast SEO Premium plugin. -->","yoast_head_json":{"title":"Kar\u0131n Esteti\u011fi - Sami Samin","robots":{"index":"index","follow":"follow","max-snippet":"max-snippet:-1","max-image-preview":"max-image-preview:large","max-video-preview":"max-video-preview:-1"},"canonical":"https:\/\/www.samisamin.com\/tr\/karin-estetigi\/","og_locale":"tr_TR","og_type":"article","og_title":"Kar\u0131n Esteti\u011fi","og_description":"[vc_section text_align=&#8221;center-md-sm-ms&#8221;][vc_row][vc_column][\/vc_column][\/vc_row][vc_row][vc_column text_align=&#8221;center-md-sm-ms&#8221; offset=&#8221;vc_col-lg-6&#8243;][\/vc_column][vc_column offset=&#8221;vc_col-lg-6&#8243;][vc_single_image image=&#8221;6744&#8243; img_size=&#8221;large&#8221; alignment=&#8221;right&#8221;][\/vc_column][\/vc_row][\/vc_section]","og_url":"https:\/\/www.samisamin.com\/tr\/karin-estetigi\/","og_site_name":"Sami Samin","twitter_card":"summary_large_image","twitter_misc":{"Tahmini okuma s\u00fcresi":"4 dakika"},"schema":{"@context":"https:\/\/schema.org","@graph":[{"@type":"WebPage","@id":"https:\/\/www.samisamin.com\/tr\/karin-estetigi\/","url":"https:\/\/www.samisamin.com\/tr\/karin-estetigi\/","name":"Kar\u0131n Esteti\u011fi - Sami Samin","isPartOf":{"@id":"https:\/\/www.samisamin.com\/#website"},"datePublished":"2021-03-06T06:08:02+00:00","breadcrumb":{"@id":"https:\/\/www.samisamin.com\/tr\/karin-estetigi\/#breadcrumb"},"inLanguage":"tr","potentialAction":[{"@type":"ReadAction","target":["https:\/\/www.samisamin.com\/tr\/karin-estetigi\/"]}]},{"@type":"BreadcrumbList","@id":"https:\/\/www.samisamin.com\/tr\/karin-estetigi\/#breadcrumb","itemListElement":[{"@type":"ListItem","position":1,"name":"Sami Samin","item":"https:\/\/www.samisamin.com\/tr\/"},{"@type":"ListItem","position":2,"name":"Kar\u0131n Esteti\u011fi"}]},{"@type":"WebSite","@id":"https:\/\/www.samisamin.com\/#website","url":"https:\/\/www.samisamin.com\/","name":"Sami Samin","description":"Estetik Cerrahi","publisher":{"@id":"https:\/\/www.samisamin.com\/#\/schema\/person\/e160c760103b8eb60455d641de09d996"},"potentialAction":[{"@type":"SearchAction","target":{"@type":"EntryPoint","urlTemplate":"https:\/\/www.samisamin.com\/?s={search_term_string}"},"query-input":{"@type":"PropertyValueSpecification","valueRequired":true,"valueName":"search_term_string"}}],"inLanguage":"tr"},{"@type":["Person","Organization"],"@id":"https:\/\/www.samisamin.com\/#\/schema\/person\/e160c760103b8eb60455d641de09d996","name":"Sami Samin","image":{"@type":"ImageObject","inLanguage":"tr","@id":"https:\/\/www.samisamin.com\/wp-content\/uploads\/2021\/10\/IMG_0908f-scaled.jpg","url":"https:\/\/www.samisamin.com\/wp-content\/uploads\/2021\/10\/IMG_0908f-scaled.jpg","contentUrl":"https:\/\/www.samisamin.com\/wp-content\/uploads\/2021\/10\/IMG_0908f-scaled.jpg","width":2093,"height":2560,"caption":"Sami Samin"},"logo":{"@id":"https:\/\/www.samisamin.com\/wp-content\/uploads\/2021\/10\/IMG_0908f-scaled.jpg"},"sameAs":["https:\/\/samisamin.com"]}]}},"_links":{"self":[{"href":"https:\/\/www.samisamin.com\/tr\/wp-json\/wp\/v2\/pages\/7230","targetHints":{"allow":["GET"]}}],"collection":[{"href":"https:\/\/www.samisamin.com\/tr\/wp-json\/wp\/v2\/pages"}],"about":[{"href":"https:\/\/www.samisamin.com\/tr\/wp-json\/wp\/v2\/types\/page"}],"author":[{"embeddable":true,"href":"https:\/\/www.samisamin.com\/tr\/wp-json\/wp\/v2\/users\/3"}],"replies":[{"embeddable":true,"href":"https:\/\/www.samisamin.com\/tr\/wp-json\/wp\/v2\/comments?post=7230"}],"version-history":[{"count":0,"href":"https:\/\/www.samisamin.com\/tr\/wp-json\/wp\/v2\/pages\/7230\/revisions"}],"wp:attachment":[{"href":"https:\/\/www.samisamin.com\/tr\/wp-json\/wp\/v2\/media?parent=7230"}],"curies":[{"name":"wp","href":"https:\/\/api.w.org\/{rel}","templated":true}]}}